{"version":"1.0","provider_name":"Az \u00c9bred\u0151 F\u00e9nyek Temploma","provider_url":"https:\/\/feketetoll.cafeblog.hu","author_name":"Szab\u00f3 K\u00e1roly","author_url":"https:\/\/feketetoll.cafeblog.hu\/author\/sirack1966gmail-com\/","title":"Fenn az \u0151rtoronyban","html":"<p dir=\"ltr\" style=\"text-align: center\">\"Fenn az \u0151rtoronyban olyan s\u00f6t\u00e9t az \u00e9g<br \/>Itt a f\u00e9lelemmel lehet nem sokra m\u00e9sz<br \/>\u00c9s ha m\u00e9gis egyszer bez\u00e1rna fenn az \u00e9g<br \/>\u00c9n akkor is gondolok majd r\u00e1d<br \/>Mikor l\u00e1ngol k\u00f6r\u00fcl\u00f6tt\u00fcnk a vil\u00e1g<br \/>Ha nem ragyognak az \u00e9gen a csillagok<br \/>T\u00f6r\u00e9kenyek vagyunk<\/p>\r\n<p style=\"text-align: center\">Fenn az \u0151rtoronyb\u00f3l l\u00e1tni a vil\u00e1gon t\u00fal<br \/>Minden b\u00e9ke ut\u00e1n \u00fajabb h\u00e1bor\u00fa d\u00fal<br \/>\u00c9s ha m\u00e9gis egyszer bez\u00e1rna fenn az \u00e9g<br \/>\u00c9n akkor is gondolok majd r\u00e1d<br \/>Mikor l\u00e1ngol k\u00f6r\u00fcl\u00f6tt\u00fcnk a vil\u00e1g<br \/>Ha nem ragyognak az \u00e9gen a csillagok<br \/>T\u00f6r\u00e9kenyek vagyunk<br \/>Olyan t\u00f6r\u00e9kenyek vagyunk<\/p>\r\n<p style=\"text-align: center\">Minden embers\u00e9gem pokolra vetett\u00e9k<br \/>Minden igazs\u00e1gom tagadt\u00e1k, elvett\u00e9k<br \/>Fegyverrel kezemben hogyan szerethetn\u00e9k<br \/>Akkor is gondolok majd r\u00e1d<br \/>Mikor l\u00e1ngol k\u00f6r\u00fcl\u00f6tt\u00fcnk a vil\u00e1g<br \/>Ha nem ragyognak az \u00e9gen a csillagok<br \/>T\u00f6r\u00e9kenyek vagyunk<br \/>Olyan t\u00f6r\u00e9kenyek vagyunk\"<\/p>\r\n<p dir=\"ltr\" style=\"text-align: center\">\u00a0<\/p>\r\n<p dir=\"ltr\" style=\"text-align: center\">[embed]https:\/\/www.youtube.com\/watch?v=S1DxPIa5kxA[\/embed]<\/p>","type":"rich","thumbnail_url":"https:\/\/feketetoll.cafeblog.hu\/files\/2013\/12\/IMG_163736883697463-150x150.jpeg","thumbnail_width":150,"thumbnail_height":150}