{"version":"1.0","provider_name":"Az \u00c9bred\u0151 F\u00e9nyek Temploma","provider_url":"https:\/\/feketetoll.cafeblog.hu","author_name":"Szab\u00f3 K\u00e1roly","author_url":"https:\/\/feketetoll.cafeblog.hu\/author\/sirack1966gmail-com\/","title":"Akarsz-e, tudsz-e?","html":"<p dir=\"ltr\" style=\"text-align: center\">Nem az a k\u00e9rd\u00e9s, hogy meg tudod-e v\u00e1ltoztatni a vil\u00e1got.<br \/> Az a k\u00e9rd\u00e9s: akarsz-e, tudsz-e egy ilyen vil\u00e1gban \u00e9lni.<br \/> F\u00e9lek, hogy nem...<br \/> UGYE NEM?!!<br \/> H\u00e1t, akkor mi legyen?<\/p>\r\n<p dir=\"ltr\" style=\"text-align: center\">\u00a0<\/p>\r\n<p dir=\"ltr\" style=\"text-align: center\"><a href=\"https:\/\/feketetoll.cafeblog.hu\/files\/2014\/03\/IMG_29173309967044.jpeg\"><img class=\"aligncenter size-large wp-image-1398\" src=\"https:\/\/feketetoll.cafeblog.hu\/files\/2014\/03\/IMG_29173309967044-600x400.jpeg\" alt=\"IMG_29173309967044\" width=\"600\" height=\"400\" \/><\/a><\/p>\r\n<p dir=\"ltr\">\u00a0<\/p>","type":"rich","thumbnail_url":"https:\/\/feketetoll.cafeblog.hu\/files\/2013\/08\/IMG_309943487426782-150x150.jpeg","thumbnail_width":150,"thumbnail_height":150}