{"version":"1.0","provider_name":"Az \u00c9bred\u0151 F\u00e9nyek Temploma","provider_url":"https:\/\/feketetoll.cafeblog.hu","author_name":"Szab\u00f3 K\u00e1roly","author_url":"https:\/\/feketetoll.cafeblog.hu\/author\/sirack1966gmail-com\/","title":"\"Az egy\u00fctt\u00e9rz\u00e9snek nincs ideol\u00f3gi\u00e1ja\"","html":"\"Az ember alapvet\u0151en nem durva l\u00e9ny. Csak akkor durvul el, ha boldogtalan vagy ha mag\u00e1\u00e9v\u00e1 tesz egy ideol\u00f3gi\u00e1t. Egyik ideol\u00f3gia a m\u00e1sik ellen fordul, egyik rendszer a m\u00e1sik ellen, s egyik vall\u00e1s a m\u00e1sik ellen. Az ember pedig ezek k\u00f6zt \u00f6rl\u0151dik.\r\n\r\nAzok az emberek, akik J\u00e9zus keresztre fesz\u00edt\u00e9s\u00e9t k\u00f6vetelt\u00e9k, val\u00f3sz\u00edn\u0171leg nem voltak durv\u00e1k. Lehettek meg\u00e9rt\u0151 f\u00e9rjek \u00e9s szeret\u0151 \u00e9desap\u00e1k, akik csak az\u00e9rt tudtak ilyen sz\u00f6rny\u0171s\u00e9get v\u00e9gigcsin\u00e1lni, mert fenn akartak tartani egy rendszert, ideol\u00f3gi\u00e1t vagy vall\u00e1st.\r\n\r\nHa a vall\u00e1sos emberek a sz\u00edv\u00fckre hallgattak volna a vall\u00e1suk logik\u00e1ja helyett, akkor nem \u00e9gettek volna meg m\u00e1gly\u00e1n eretnekeket, az indiai \u00f6zvegyeknek nem kellett volna halott\u00e9get\u0151 m\u00e1gly\u00e1ra menni\u00fck, \u00e9s nem m\u00e9sz\u00e1rolt\u00e1k volna le emberek milli\u00f3it olyan h\u00e1bor\u00fakban, amelyeket Isten nev\u00e9ben robbantottak ki.\r\n\r\nAz erk\u00f6lcsi tanuls\u00e1g: ha az egy\u00fctt\u00e9rz\u0151 sz\u00edv \u00e9s egy ideol\u00f3gia k\u00f6vetelm\u00e9nyei k\u00f6zt kell v\u00e1lasztanod, t\u00e9tov\u00e1z\u00e1s n\u00e9lk\u00fcl dobd el az ideol\u00f3gi\u00e1t!\r\n\r\nAz egy\u00fctt\u00e9rz\u00e9snek nincs ideol\u00f3gi\u00e1ja.\"\r\n\r\n(Anthony de Mello)","type":"rich","thumbnail_url":"https:\/\/feketetoll.cafeblog.hu\/files\/2013\/12\/IMG_163736883697463-150x150.jpeg","thumbnail_width":150,"thumbnail_height":150}