{"version":"1.0","provider_name":"Az \u00c9bred\u0151 F\u00e9nyek Temploma","provider_url":"https:\/\/feketetoll.cafeblog.hu","author_name":"Szab\u00f3 K\u00e1roly","author_url":"https:\/\/feketetoll.cafeblog.hu\/author\/sirack1966gmail-com\/","title":"Laikus(s) gondolatok","html":"H\u00e1t igen, \u00e9n t\u00f6bbnyire laikus vagyok, ez\u00e9rt azt\u00e1n mindenbe belepof\u00e1zok j\u00f3 alaposan, amihez nem \u00e9rtek igaz\u00e1n, de eszembe jut r\u00f3la valami - ha m\u00e1s nem, akkor legal\u00e1bb egy vicc...\r\n\r\nDe ami mostan\u00e1ban ebben a haz\u00e1ban - s\u0151t ezen a goly\u00f3bison - t\u00f6rt\u00e9nik, az akkora vicc, hogy att\u00f3l nagyobbat m\u00e1r nem tudn\u00e9k mondani...\r\n\r\nMost a szeg\u00e9nys\u00e9gr\u0151l jutott eszembe \"sz\u00e1mtalan, szebbn\u00e9l szebb gondolat\", mert bizony e t\u00e9m\u00e1ban \"\u00e1llni l\u00e1tsz\u00e9k az id\u0151\".\r\n\r\nAzt \u00edrj\u00e1k a hozz\u00e1\u00e9rt\u0151k, hogy ma Magyarorsz\u00e1gon minden harmadik ember szeg\u00e9ny.\r\n\r\n\u00c9n, a laikus, azt l\u00e1tom, hogy a szeg\u00e9ny emberek rengeteg felesleges dolgot vesznek meg a nem is l\u00e9tez\u0151 p\u00e9nz\u00fckb\u0151l, \u00e9s m\u00e9g t\u00f6bb teljesen felesleges dologra v\u00e1gyakoznak t\u00f6bb-kevesebb szabadidej\u00fckben. Tal\u00e1n meg kellene nekik tan\u00edtani, hogy az ig\u00e9ny \u00e9s a sz\u00fcks\u00e9glet k\u00e9t k\u00fcl\u00f6nb\u00f6z\u0151 dolog, \u00e9s j\u00f3l tenn\u00e9k, ha a val\u00f3di sz\u00fcks\u00e9gleteik kiel\u00e9g\u00edt\u00e9s\u00e9re t\u00f6rekedn\u00e9nek...\r\n\r\n\u00c9n, a laikus, azt l\u00e1tom, hogy sok az \u00e9hez\u0151 munkan\u00e9lk\u00fcli, de m\u00e9g t\u00f6bb a megm\u0171veletlen f\u00f6ld. Tal\u00e1n meg kellene tan\u00edtani ezeket a kall\u00f3d\u00f3 embereket gazd\u00e1lkodni...\r\n\r\n\u00c9n, a laikus, azt l\u00e1tom, hogy az emberek m\u00e1st\u00f3l v\u00e1rj\u00e1k a megv\u00e1lt\u00e1st, ahelyett, hogy saj\u00e1t sorsukat kov\u00e1csoln\u00e1k. Tal\u00e1n m\u00e1r az iskol\u00e1ban meg kellene nekik tan\u00edtani, hogyan ir\u00e1ny\u00edts\u00e1k saj\u00e1t \u00e9let\u00fcket...\r\n\r\n\u00c9n, a laikus, azt l\u00e1tom, hogy aki elkezd valamit csin\u00e1lni, azt a t\u00f6bbiek t\u00edz k\u00f6r\u00f6mmel h\u00fazz\u00e1k vissza a szarba maguk mell\u00e9, \u00e9s ebben j\u00f3 partnerek a k\u00fcl\u00f6nf\u00e9le hat\u00f3s\u00e1gok is: t\u00f6rv\u00e9nyek, szab\u00e1lydzsungel, b\u00edrs\u00e1gok, adminisztr\u00e1ci\u00f3-mocs\u00e1r. Tal\u00e1n minden eszk\u00f6zzel t\u00e1mogatni kellene az \u00e9bred\u0151ket...\r\n\r\n\u00c9n, a laikus, azt gondolom, hogy az \u00e1ltalunk megv\u00e1lasztott vezet\u0151knek val\u00f3ban vezetnie \u00e9s nevelnie kellene minket, nem kirabolni \u00e9s s\u00f6t\u00e9ts\u00e9gben tartani. Ha m\u00e1s nem is, de legal\u00e1bb val\u00f3ban legyen t\u00e1nc a j\u00e1tsz\u00f3t\u00e9ren, a z\u00e1rcs\u00f6kkent\u00e9sr\u0151l m\u00e1r nem is besz\u00e9lve...\r\n\r\n\u00c9n a lai...KUSS!\r\n\r\n&nbsp;\r\n\r\n<a href=\"https:\/\/feketetoll.cafeblog.hu\/files\/2014\/05\/78578831.jpg\"><img class=\"aligncenter size-large wp-image-1697\" src=\"https:\/\/feketetoll.cafeblog.hu\/files\/2014\/05\/78578831-600x450.jpg\" alt=\"78578831\" width=\"600\" height=\"450\" \/><\/a>\r\n\r\n&nbsp;","type":"rich","thumbnail_url":"https:\/\/feketetoll.cafeblog.hu\/files\/2013\/08\/IMG_309943487426782-150x150.jpeg","thumbnail_width":150,"thumbnail_height":150}