{"version":"1.0","provider_name":"Az \u00c9bred\u0151 F\u00e9nyek Temploma","provider_url":"https:\/\/feketetoll.cafeblog.hu","author_name":"Szab\u00f3 K\u00e1roly","author_url":"https:\/\/feketetoll.cafeblog.hu\/author\/sirack1966gmail-com\/","title":"\"Sz\u00fcks\u00e9ged van r\u00e1m?\"","html":"<p style=\"text-align: left\">Valahol tal\u00e1ltam. Nem ismerem a szerz\u0151t, de ellopom:<\/p>\r\n<p>&nbsp;<\/p>\r\n<p style=\"text-align: center\">\"<a name=\"_Toc433725102\"><\/a>Sz\u00fcks\u00e9ged van r\u00e1m? Itt vagyok!<\/p>\r\n<p style=\"text-align: center\">\u00a0<\/p>\r\n<p style=\"text-align: center\">\u00a0<\/p>\r\n<p style=\"text-align: center\">Te nem l\u00e1thatsz engem, de \u00c9n vagyok a f\u00e9ny, ami t\u00e9ged l\u00e1that\u00f3v\u00e1 tesz.<\/p>\r\n<p style=\"text-align: center\">Te nem hallasz engem, de \u00c9n a hangodon besz\u00e9lek.<\/p>\r\n<p style=\"text-align: center\">Te nem \u00e9rzel engem, m\u00e9gis \u00c9n a kezed ereje vagyok.<\/p>\r\n<p style=\"text-align: center\">\u00c9n eredm\u00e9nyess\u00e9 teszlek annak ellen\u00e9re, hogy az utamat nem \u00e9rted.<\/p>\r\n<p style=\"text-align: center\">\u00c9n eredm\u00e9nyess\u00e9 teszlek annak ellen\u00e9re, hogy m\u0171vemet nem ismered fel.<\/p>\r\n<p style=\"text-align: center\">\u00c9n nem vagyok f\u00f6ld\u00f6nt\u00fali jelens\u00e9g, \u00c9n nem vagyok miszt\u00e9rium.<\/p>\r\n<p style=\"text-align: center\">Csak egy teljes bels\u0151 nyugalomban, t\u00fal minden szem\u00e9lyis\u00e9gen tudod meg,<\/p>\r\n<p style=\"text-align: center\">hogy \u00c9n vagyok \u00e9s csak mint \u00e9rz\u00e9st, mint hitet tapasztalod,<\/p>\r\n<p style=\"text-align: center\">de m\u00e9gis itt vagyok, m\u00e9gis hallok, \u00e9s m\u00e9gis v\u00e1laszolok.<\/p>\r\n<p style=\"text-align: center\">Ha sz\u00fcks\u00e9ged van r\u00e1m, akkor \u00c9n itt vagyok, ha Te engem megtagadsz,<\/p>\r\n<p style=\"text-align: center\">akkor is itt vagyok, ha f\u00e9lsz, akkor is itt vagyok.<\/p>\r\n<p style=\"text-align: center\">Itt vagyok, ha im\u00e1dkozol, \u00e9s akkor is ha nem im\u00e1dkozol.<\/p>\r\n<p style=\"text-align: center\">\u00c9n benned vagyok \u00e9s Te \u00c9nbennem.<\/p>\r\n<p style=\"text-align: center\">Csak tudatodban lehetek T\u0151led elv\u00e1lasztva, mert csak a tudatodban<\/p>\r\n<p style=\"text-align: center\">l\u00e9tezik a TI\u00c9D \u00e9s ENY\u00c9M fogalma<\/p>\r\n<p style=\"text-align: center\">de m\u00e9gis, a tudatodban tudsz engem megismerni \u00e9s \u00e1t\u00e9lni.<\/p>\r\n<p style=\"text-align: center\">Engedd el a rombol\u00f3 f\u00e9lelmet a sz\u00edvedb\u0151l.<\/p>\r\n<p style=\"text-align: center\">Ha Te m\u00e1r nem \u00e1llsz a saj\u00e1t utadban, akkor megtal\u00e1lsz.<\/p>\r\n<p style=\"text-align: center\">Egyed\u00fcl nem tudsz semmit sem csin\u00e1lni, de \u00c9n tudok mindent<\/p>\r\n<p style=\"text-align: center\">\u00e9s \u00c9n mindenhol vagyok.<\/p>\r\n<p style=\"text-align: center\">Ha a j\u00f3t nem akarod l\u00e1tni, az akkor is itt van, mert \u00c9n itt vagyok.<\/p>\r\n<p style=\"text-align: center\">Itt vagyok, mert itt kell lennem, mert vagyok.<\/p>\r\n<p style=\"text-align: center\">Csak bennem van a vil\u00e1gnak \u00e9rtelme.<\/p>\r\n<p style=\"text-align: center\">Csak \u00e1ltalam nyer a vil\u00e1g testet.<\/p>\r\n<p style=\"text-align: center\">Csak \u00e1ltalam megy a vil\u00e1g el\u0151re.<\/p>\r\n<p style=\"text-align: center\"><strong>\u00c9n vagyok a t\u00f6rv\u00e9ny, amin az \u00e9l\u0151l\u00e9nyek mozg\u00e1sa \u00e9s fejl\u0151d\u00e9se nyugszik.<\/strong><\/p>\r\n<p style=\"text-align: center\"><strong>\u00c9n vagyok a szeretet, ami a t\u00f6rv\u00e9ny testes\u00fcl\u00e9se.<\/strong><\/p>\r\n<p style=\"text-align: center\">\u00c9n biztons\u00e1g vagyok. \u00c9n b\u00e9kess\u00e9g vagyok, egy vagyok veled.<\/p>\r\n<p style=\"text-align: center\">\u00c9n vagyok az egys\u00e9g.<\/p>\r\n<p style=\"text-align: center\">\u00c9n vagyok a t\u00f6rv\u00e9ny, ami szerint Te \u00e9lni tudsz.<\/p>\r\n<p style=\"text-align: center\">\u00c9n a szeretet vagyok, amiben Te b\u00edzhatsz.<\/p>\r\n<p style=\"text-align: center\">\u00c9n akkor is vagyok, ha Te nem l\u00e1tsz, \u00c9n nem hagylak el.<\/p>\r\n<p style=\"text-align: center\">Ha hited bennem meginog, \u00e9n b\u00edzom benned, mert \u00e9n ismerlek \u00e9s szeretlek.<\/p>\r\n<p style=\"text-align: center\">\u00a0<\/p>\r\n<p style=\"text-align: center\">\u00a0<\/p>\r\n<p style=\"text-align: center\"><strong><em>SZERETLEK T\u00c9GED \u00c9S VELED VAGYOK!\"<\/em><\/strong><\/p>\r\n<p style=\"text-align: center\">\u00a0<\/p>\r\n<p style=\"text-align: center\"><a href=\"https:\/\/feketetoll.cafeblog.hu\/files\/2015\/01\/f\u00e9ny.jpg\"><img class=\"aligncenter size-large wp-image-2266\" src=\"https:\/\/feketetoll.cafeblog.hu\/files\/2015\/01\/f\u00e9ny-600x399.jpg\" alt=\"f\u00e9ny\" width=\"600\" height=\"399\" \/><\/a><\/p>","type":"rich","thumbnail_url":"https:\/\/feketetoll.cafeblog.hu\/files\/2015\/01\/f\u00e9ny-150x150.jpg","thumbnail_width":150,"thumbnail_height":150}