{"version":"1.0","provider_name":"Az \u00c9bred\u0151 F\u00e9nyek Temploma","provider_url":"https:\/\/feketetoll.cafeblog.hu","author_name":"Szab\u00f3 K\u00e1roly","author_url":"https:\/\/feketetoll.cafeblog.hu\/author\/sirack1966gmail-com\/","title":"Nagyp\u00e9ntek","html":"<p>M\u00e1r nem f\u00e1jnak a testi sebek.<\/p>\r\n<p>T\u00fal vagyok m\u00e1r az Anyagon.<\/p>\r\n<p>Csak a lelkemen ejtett sebek sajognak m\u00e9g.<\/p>\r\n<p>F\u00e1j az \u00e1rul\u00e1s. F\u00e1j, hogy el\u00e1rultatok.<\/p>\r\n<p>Nem csak az az egy ember \u00e1rult el engem.<\/p>\r\n<p>Valamennyien el\u00e1rultatok.<\/p>\r\n<p>El\u00e1rult m\u00e9g az Isten is.<\/p>\r\n<p>Elv\u00e9geztetett.<\/p>\r\n<p>M\u00e9gis... Aty\u00e1m kez\u00e9be teszem le lelkemet.<\/p>\r\n<p>\u00c9s m\u00e9gis... el\u00e1rul\u00f3im, szeretlek Titeket.<\/p>\r\n<p>\u00d6r\u00f6kk\u00f6n-\u00f6r\u00f6kk\u00e9.<\/p>\r\n<p>&nbsp;<\/p>\r\n<p><a href=\"https:\/\/feketetoll.cafeblog.hu\/files\/2014\/05\/IMG_220233903289815.jpeg\"><img class=\"aligncenter size-large wp-image-1698\" src=\"https:\/\/feketetoll.cafeblog.hu\/files\/2014\/05\/IMG_220233903289815-600x588.jpeg\" alt=\"\" width=\"600\" height=\"588\" \/><\/a><\/p>","type":"rich","thumbnail_url":"https:\/\/feketetoll.cafeblog.hu\/files\/2018\/03\/10530871_4490646560086_8937596039061844635_n-150x150.jpg","thumbnail_width":150,"thumbnail_height":150}